{"id":388395,"date":"2023-01-02T09:35:15","date_gmt":"2023-01-02T09:35:15","guid":{"rendered":"https:\/\/elmasferrer.com\/cavas-el-mas-ferrer\/"},"modified":"2024-07-24T11:37:08","modified_gmt":"2024-07-24T11:37:08","slug":"cavas-el-mas-ferrer","status":"publish","type":"page","link":"https:\/\/elmasferrer.com\/ca\/cavas-el-mas-ferrer\/","title":{"rendered":"Caves El Mas Ferrer"},"content":{"rendered":"<p>[et_pb_section fb_built=&#8221;1&#8243; custom_padding_last_edited=&#8221;on|phone&#8221; admin_label=&#8221;section&#8221; _builder_version=&#8221;4.27.0&#8243; background_image=&#8221;https:\/\/elmasferrer.com\/wp-content\/uploads\/2018\/11\/IMGP00301-1.jpg&#8221; background_size=&#8221;custom&#8221; background_image_width=&#8221;59%&#8221; background_position=&#8221;top_right&#8221; max_width=&#8221;100%&#8221; height=&#8221;80vh&#8221; height_tablet=&#8221;80vh&#8221; height_phone=&#8221;65vh&#8221; height_last_edited=&#8221;on|phone&#8221; custom_padding=&#8221;||0px|||&#8221; custom_padding_tablet=&#8221;&#8221; custom_padding_phone=&#8221;||0px||false|false&#8221; background_last_edited=&#8221;on|phone&#8221; background_enable_image_phone=&#8221;off&#8221; locked=&#8221;off&#8221; global_colors_info=&#8221;{}&#8221;][et_pb_row make_equal=&#8221;on&#8221; custom_padding_last_edited=&#8221;on|phone&#8221; _builder_version=&#8221;4.19.1&#8243; _module_preset=&#8221;default&#8221; width=&#8221;100%&#8221; max_width=&#8221;95%&#8221; height=&#8221;36.8%&#8221; height_tablet=&#8221;100%&#8221; height_phone=&#8221;100%&#8221; height_last_edited=&#8221;on|phone&#8221; custom_margin=&#8221;|auto|-223px|auto||&#8221; custom_padding=&#8221;0px||0px|||&#8221; custom_padding_tablet=&#8221;&#8221; custom_padding_phone=&#8221;||0px||false|false&#8221; custom_css_main_element=&#8221;align-items: center;&#8221; locked=&#8221;off&#8221; global_colors_info=&#8221;{}&#8221;][et_pb_column type=&#8221;4_4&#8243; _builder_version=&#8221;4.19.1&#8243; _module_preset=&#8221;default&#8221; global_colors_info=&#8221;{}&#8221;][et_pb_image src=&#8221;https:\/\/elmasferrer.com\/wp-content\/uploads\/2023\/01\/logo-300&#215;142-1.png&#8221; title_text=&#8221;logo-300&#215;142&#8243; align_tablet=&#8221;&#8221; align_phone=&#8221;center&#8221; align_last_edited=&#8221;on|phone&#8221; _builder_version=&#8221;4.19.1&#8243; _module_preset=&#8221;default&#8221; global_colors_info=&#8221;{}&#8221;][\/et_pb_image][et_pb_text _builder_version=&#8221;4.27.0&#8243; _module_preset=&#8221;default&#8221; text_font=&#8221;Vidaloka|700|||||||&#8221; text_text_color=&#8221;#1F2226&#8243; text_font_size=&#8221;100px&#8221; custom_margin=&#8221;15px||15px||true|false&#8221; custom_padding=&#8221;0px||0px||true|false&#8221; text_font_size_tablet=&#8221;100px&#8221; text_font_size_phone=&#8221;70px&#8221; text_font_size_last_edited=&#8221;on|phone&#8221; text_orientation_tablet=&#8221;&#8221; text_orientation_phone=&#8221;center&#8221; text_orientation_last_edited=&#8221;on|phone&#8221; global_colors_info=&#8221;{}&#8221;]<\/p>\n<p>SOBRE<\/p>\n<p><strong><span style=\"font-family: inherit;\">NOSALTRES<\/span><\/strong><\/p>\n<p>[\/et_pb_text][\/et_pb_column][\/et_pb_row][\/et_pb_section][et_pb_section fb_built=&#8221;1&#8243; _builder_version=&#8221;4.19.1&#8243; _module_preset=&#8221;default&#8221; custom_margin=&#8221;0px||0px||true|false&#8221; custom_padding=&#8221;0px||||false|false&#8221; global_colors_info=&#8221;{}&#8221;][et_pb_row column_structure=&#8221;2_5,3_5&#8243; make_equal=&#8221;on&#8221; _builder_version=&#8221;4.19.1&#8243; _module_preset=&#8221;default&#8221; width=&#8221;100%&#8221; max_width=&#8221;100%&#8221; custom_margin=&#8221;0px||0px||true|false&#8221; custom_padding=&#8221;0px||0px||true|false&#8221; global_colors_info=&#8221;{}&#8221;][et_pb_column type=&#8221;2_5&#8243; _builder_version=&#8221;4.19.1&#8243; _module_preset=&#8221;default&#8221; background_image=&#8221;https:\/\/elmasferrer.com\/wp-content\/uploads\/2023\/01\/124A6146-845&#215;684-1.jpg&#8221; global_colors_info=&#8221;{}&#8221;][et_pb_text _builder_version=&#8221;4.19.1&#8243; _module_preset=&#8221;default&#8221; height_tablet=&#8221;&#8221; height_phone=&#8221;400px&#8221; height_last_edited=&#8221;on|phone&#8221; global_colors_info=&#8221;{}&#8221;][\/et_pb_text][\/et_pb_column][et_pb_column type=&#8221;3_5&#8243; _builder_version=&#8221;4.19.1&#8243; _module_preset=&#8221;default&#8221; global_colors_info=&#8221;{}&#8221;][et_pb_text _builder_version=&#8221;4.27.0&#8243; _module_preset=&#8221;default&#8221; text_text_color=&#8221;#1F2226&#8243; text_orientation=&#8221;center&#8221; custom_padding=&#8221;130px|60px|130px|60px|true|true&#8221; custom_padding_tablet=&#8221;130px|60px|130px|60px|true|true&#8221; custom_padding_phone=&#8221;60px|60px|130px|60px|false|true&#8221; custom_padding_last_edited=&#8221;on|phone&#8221; inline_fonts=&#8221;Arial&#8221; global_colors_info=&#8221;{}&#8221;]<\/p>\n<h4 style=\"text-align: justify;\"><span style=\"font-family: Arial; font-weight: normal; font-size: medium;\">Caves <strong>El Mas Ferrer<\/strong> \u00e9s una empresa familiar situada al petit poble de Ca l\u2019Avi, dins del municipi de Subirats, el m\u00e9s extens de la comarca de l\u2019Alt Pened\u00e8s. La nostra hist\u00f2ria vitivin\u00edcola \u00e9s rica i profunda, arrelada en la tradici\u00f3 i la passi\u00f3 per l\u2019elaboraci\u00f3 de cava de qualitat.<\/span><\/h4>\n<h4 style=\"text-align: justify;\"><span style=\"font-family: Arial; font-weight: normal; font-size: medium;\">Els or\u00edgens del nostre <span style=\"font-family: inherit;\">celler <\/span>es remunten a l\u2019any 1863, quan el nostre besavi, Miquel Ferrer i Jover, va comen\u00e7ar a conrear vinyes amb molta experi\u00e8ncia i dedicaci\u00f3. La seva saviesa i amor per la terra van assentar les bases del que avui coneixem com Caves El Mas Ferrer.<\/span><\/h4>\n<h4 style=\"text-align: justify;\"><span style=\"font-family: Arial; font-weight: normal; font-size: medium;\">A partir de l&#8217;any 1974, la fam\u00edlia Ferrer va decidir portar la seva passi\u00f3 un pas m\u00e9s enll\u00e0 elaborant les primeres ampolles de cava a les nostres caves, seguint el m\u00e8tode tradicional. Aquest moment va marcar el comen\u00e7ament d\u2019una nova etapa, on vam comen\u00e7ar a perfeccionar l\u2019art de l\u2019elaboraci\u00f3 de cava, mantenint sempre la tradici\u00f3 i la qualitat com a pilars fonamentals.<\/span><\/h4>\n<h4 style=\"text-align: justify;\"><span style=\"font-family: Arial; font-weight: normal; font-size: medium;\">L&#8217;any 1987 va ser un any clau per a la nostra fam\u00edlia, ja que vam fundar l&#8217;empresa familiar El Mas Ferrer amb l&#8217;objectiu de comercialitzar el cava. Des de llavors, hem elaborat el nostre cava de manera artesanal, utilitzant el fruit procedent de les vinyes del Pened\u00e8s. Aquesta decisi\u00f3 va permetre que la nostra marca creix\u00e9s i es consolid\u00e9s, oferint als nostres clients un producte aut\u00e8ntic i de qualitat.<\/span><\/h4>\n<h4 style=\"text-align: justify;\"><span style=\"font-family: Arial; font-weight: normal; font-size: medium;\">Amb el pas dels anys, hem mantingut el nostre comprom\u00eds amb la tradici\u00f3, alhora que hem incorporat innovacions i t\u00e8cniques modernes per garantir que cada ampolla de cava que surt de les nostres caves sigui una expressi\u00f3 de la nostra dedicaci\u00f3 i passi\u00f3 pel vi. Cada copa de cava representa la hist\u00f2ria, l\u2019esfor\u00e7 i l\u2019amor que la nostra fam\u00edlia ha dedicat a aquest art durant generacions.<\/span><\/h4>\n<h4 style=\"text-align: justify;\"><span style=\"font-family: Arial; font-weight: normal; font-size: medium;\">Ens complau anunciar que hem llan\u00e7at una nova l\u00ednia de productes m\u00e9s joves sota la marca <strong>Ferrer &amp; Mata<\/strong>. Aquesta nova l\u00ednia reflecteix el nostre comprom\u00eds amb la innovaci\u00f3 i la qualitat, i estem emocionats de compartir-la amb tots vosaltres.<\/span><\/h4>\n<h4 style=\"text-align: justify;\"><span style=\"font-family: Arial; font-weight: normal; font-size: medium;\">Convidem a tothom a visitar-nos, a descobrir la nostra hist\u00f2ria i a gaudir de la qualitat i l\u2019autenticitat del nostre cava. Gr\u00e0cies per formar part del nostre viatge i per brindar amb nosaltres a cada pas del cam\u00ed.<\/span><\/h4>\n<p>[\/et_pb_text][\/et_pb_column][\/et_pb_row][\/et_pb_section]<\/p>\n","protected":false},"excerpt":{"rendered":"<p>SOBRE NOSALTRESCaves El Mas Ferrer \u00e9s una empresa familiar situada al petit poble de Ca l\u2019Avi, dins del municipi de Subirats, el m\u00e9s extens de la comarca de l\u2019Alt Pened\u00e8s. La nostra hist\u00f2ria vitivin\u00edcola \u00e9s rica i profunda, arrelada en la tradici\u00f3 i la passi\u00f3 per l\u2019elaboraci\u00f3 de cava de qualitat. Els or\u00edgens del nostre [&hellip;]<\/p>\n","protected":false},"author":1,"featured_media":0,"parent":0,"menu_order":0,"comment_status":"closed","ping_status":"closed","template":"","meta":{"_acf_changed":false,"_et_pb_use_builder":"on","_et_pb_old_content":"","_et_gb_content_width":"","footnotes":""},"class_list":["post-388395","page","type-page","status-publish","hentry"],"acf":[],"yoast_head":"<!-- This site is optimized with the Yoast SEO plugin v27.5 - https:\/\/yoast.com\/product\/yoast-seo-wordpress\/ -->\n<title>Caves El Mas Ferrer - El Mas Ferrer<\/title>\n<meta name=\"robots\" content=\"index, follow, max-snippet:-1, max-image-preview:large, max-video-preview:-1\" \/>\n<link rel=\"canonical\" href=\"https:\/\/elmasferrer.com\/ca\/cavas-el-mas-ferrer\/\" \/>\n<meta property=\"og:locale\" content=\"ca_ES\" \/>\n<meta property=\"og:type\" content=\"article\" \/>\n<meta property=\"og:title\" content=\"Caves El Mas Ferrer - El Mas Ferrer\" \/>\n<meta property=\"og:description\" content=\"SOBRE NOSALTRESCaves El Mas Ferrer \u00e9s una empresa familiar situada al petit poble de Ca l\u2019Avi, dins del municipi de Subirats, el m\u00e9s extens de la comarca de l\u2019Alt Pened\u00e8s. La nostra hist\u00f2ria vitivin\u00edcola \u00e9s rica i profunda, arrelada en la tradici\u00f3 i la passi\u00f3 per l\u2019elaboraci\u00f3 de cava de qualitat. Els or\u00edgens del nostre [&hellip;]\" \/>\n<meta property=\"og:url\" content=\"https:\/\/elmasferrer.com\/ca\/cavas-el-mas-ferrer\/\" \/>\n<meta property=\"og:site_name\" content=\"El Mas Ferrer\" \/>\n<meta property=\"article:publisher\" content=\"https:\/\/www.facebook.com\/caveselmasferrer\/\" \/>\n<meta property=\"article:modified_time\" content=\"2024-07-24T11:37:08+00:00\" \/>\n<meta name=\"twitter:card\" content=\"summary_large_image\" \/>\n<meta name=\"twitter:site\" content=\"@MasCaves\" \/>\n<meta name=\"twitter:label1\" content=\"Temps estimat de lectura\" \/>\n\t<meta name=\"twitter:data1\" content=\"1 minut\" \/>\n<script type=\"application\/ld+json\" class=\"yoast-schema-graph\">{\"@context\":\"https:\\\/\\\/schema.org\",\"@graph\":[{\"@type\":\"WebPage\",\"@id\":\"https:\\\/\\\/elmasferrer.com\\\/ca\\\/cavas-el-mas-ferrer\\\/\",\"url\":\"https:\\\/\\\/elmasferrer.com\\\/ca\\\/cavas-el-mas-ferrer\\\/\",\"name\":\"Caves El Mas Ferrer - El Mas Ferrer\",\"isPartOf\":{\"@id\":\"https:\\\/\\\/elmasferrer.com\\\/#website\"},\"datePublished\":\"2023-01-02T09:35:15+00:00\",\"dateModified\":\"2024-07-24T11:37:08+00:00\",\"breadcrumb\":{\"@id\":\"https:\\\/\\\/elmasferrer.com\\\/ca\\\/cavas-el-mas-ferrer\\\/#breadcrumb\"},\"inLanguage\":\"ca\",\"potentialAction\":[{\"@type\":\"ReadAction\",\"target\":[\"https:\\\/\\\/elmasferrer.com\\\/ca\\\/cavas-el-mas-ferrer\\\/\"]}]},{\"@type\":\"BreadcrumbList\",\"@id\":\"https:\\\/\\\/elmasferrer.com\\\/ca\\\/cavas-el-mas-ferrer\\\/#breadcrumb\",\"itemListElement\":[{\"@type\":\"ListItem\",\"position\":1,\"name\":\"Portada\",\"item\":\"https:\\\/\\\/elmasferrer.com\\\/\"},{\"@type\":\"ListItem\",\"position\":2,\"name\":\"Caves El Mas Ferrer\"}]},{\"@type\":\"WebSite\",\"@id\":\"https:\\\/\\\/elmasferrer.com\\\/#website\",\"url\":\"https:\\\/\\\/elmasferrer.com\\\/\",\"name\":\"El Mas Ferrer\",\"description\":\"Cava i vi de la bodega a casa\",\"publisher\":{\"@id\":\"https:\\\/\\\/elmasferrer.com\\\/#organization\"},\"potentialAction\":[{\"@type\":\"SearchAction\",\"target\":{\"@type\":\"EntryPoint\",\"urlTemplate\":\"https:\\\/\\\/elmasferrer.com\\\/?s={search_term_string}\"},\"query-input\":{\"@type\":\"PropertyValueSpecification\",\"valueRequired\":true,\"valueName\":\"search_term_string\"}}],\"inLanguage\":\"ca\"},{\"@type\":\"Organization\",\"@id\":\"https:\\\/\\\/elmasferrer.com\\\/#organization\",\"name\":\"El Mas Ferrer\",\"url\":\"https:\\\/\\\/elmasferrer.com\\\/\",\"logo\":{\"@type\":\"ImageObject\",\"inLanguage\":\"ca\",\"@id\":\"https:\\\/\\\/elmasferrer.com\\\/#\\\/schema\\\/logo\\\/image\\\/\",\"url\":\"https:\\\/\\\/elmasferrer.com\\\/wp-content\\\/uploads\\\/2022\\\/01\\\/logomail.png\",\"contentUrl\":\"https:\\\/\\\/elmasferrer.com\\\/wp-content\\\/uploads\\\/2022\\\/01\\\/logomail.png\",\"width\":600,\"height\":284,\"caption\":\"El Mas Ferrer\"},\"image\":{\"@id\":\"https:\\\/\\\/elmasferrer.com\\\/#\\\/schema\\\/logo\\\/image\\\/\"},\"sameAs\":[\"https:\\\/\\\/www.facebook.com\\\/caveselmasferrer\\\/\",\"https:\\\/\\\/x.com\\\/MasCaves\",\"https:\\\/\\\/www.instagram.com\\\/elmasferrer\\\/\"]}]}<\/script>\n<!-- \/ Yoast SEO plugin. -->","yoast_head_json":{"title":"Caves El Mas Ferrer - El Mas Ferrer","robots":{"index":"index","follow":"follow","max-snippet":"max-snippet:-1","max-image-preview":"max-image-preview:large","max-video-preview":"max-video-preview:-1"},"canonical":"https:\/\/elmasferrer.com\/ca\/cavas-el-mas-ferrer\/","og_locale":"ca_ES","og_type":"article","og_title":"Caves El Mas Ferrer - El Mas Ferrer","og_description":"SOBRE NOSALTRESCaves El Mas Ferrer \u00e9s una empresa familiar situada al petit poble de Ca l\u2019Avi, dins del municipi de Subirats, el m\u00e9s extens de la comarca de l\u2019Alt Pened\u00e8s. La nostra hist\u00f2ria vitivin\u00edcola \u00e9s rica i profunda, arrelada en la tradici\u00f3 i la passi\u00f3 per l\u2019elaboraci\u00f3 de cava de qualitat. Els or\u00edgens del nostre [&hellip;]","og_url":"https:\/\/elmasferrer.com\/ca\/cavas-el-mas-ferrer\/","og_site_name":"El Mas Ferrer","article_publisher":"https:\/\/www.facebook.com\/caveselmasferrer\/","article_modified_time":"2024-07-24T11:37:08+00:00","twitter_card":"summary_large_image","twitter_site":"@MasCaves","twitter_misc":{"Temps estimat de lectura":"1 minut"},"schema":{"@context":"https:\/\/schema.org","@graph":[{"@type":"WebPage","@id":"https:\/\/elmasferrer.com\/ca\/cavas-el-mas-ferrer\/","url":"https:\/\/elmasferrer.com\/ca\/cavas-el-mas-ferrer\/","name":"Caves El Mas Ferrer - El Mas Ferrer","isPartOf":{"@id":"https:\/\/elmasferrer.com\/#website"},"datePublished":"2023-01-02T09:35:15+00:00","dateModified":"2024-07-24T11:37:08+00:00","breadcrumb":{"@id":"https:\/\/elmasferrer.com\/ca\/cavas-el-mas-ferrer\/#breadcrumb"},"inLanguage":"ca","potentialAction":[{"@type":"ReadAction","target":["https:\/\/elmasferrer.com\/ca\/cavas-el-mas-ferrer\/"]}]},{"@type":"BreadcrumbList","@id":"https:\/\/elmasferrer.com\/ca\/cavas-el-mas-ferrer\/#breadcrumb","itemListElement":[{"@type":"ListItem","position":1,"name":"Portada","item":"https:\/\/elmasferrer.com\/"},{"@type":"ListItem","position":2,"name":"Caves El Mas Ferrer"}]},{"@type":"WebSite","@id":"https:\/\/elmasferrer.com\/#website","url":"https:\/\/elmasferrer.com\/","name":"El Mas Ferrer","description":"Cava i vi de la bodega a casa","publisher":{"@id":"https:\/\/elmasferrer.com\/#organization"},"potentialAction":[{"@type":"SearchAction","target":{"@type":"EntryPoint","urlTemplate":"https:\/\/elmasferrer.com\/?s={search_term_string}"},"query-input":{"@type":"PropertyValueSpecification","valueRequired":true,"valueName":"search_term_string"}}],"inLanguage":"ca"},{"@type":"Organization","@id":"https:\/\/elmasferrer.com\/#organization","name":"El Mas Ferrer","url":"https:\/\/elmasferrer.com\/","logo":{"@type":"ImageObject","inLanguage":"ca","@id":"https:\/\/elmasferrer.com\/#\/schema\/logo\/image\/","url":"https:\/\/elmasferrer.com\/wp-content\/uploads\/2022\/01\/logomail.png","contentUrl":"https:\/\/elmasferrer.com\/wp-content\/uploads\/2022\/01\/logomail.png","width":600,"height":284,"caption":"El Mas Ferrer"},"image":{"@id":"https:\/\/elmasferrer.com\/#\/schema\/logo\/image\/"},"sameAs":["https:\/\/www.facebook.com\/caveselmasferrer\/","https:\/\/x.com\/MasCaves","https:\/\/www.instagram.com\/elmasferrer\/"]}]}},"_links":{"self":[{"href":"https:\/\/elmasferrer.com\/ca\/wp-json\/wp\/v2\/pages\/388395","targetHints":{"allow":["GET"]}}],"collection":[{"href":"https:\/\/elmasferrer.com\/ca\/wp-json\/wp\/v2\/pages"}],"about":[{"href":"https:\/\/elmasferrer.com\/ca\/wp-json\/wp\/v2\/types\/page"}],"author":[{"embeddable":true,"href":"https:\/\/elmasferrer.com\/ca\/wp-json\/wp\/v2\/users\/1"}],"replies":[{"embeddable":true,"href":"https:\/\/elmasferrer.com\/ca\/wp-json\/wp\/v2\/comments?post=388395"}],"version-history":[{"count":11,"href":"https:\/\/elmasferrer.com\/ca\/wp-json\/wp\/v2\/pages\/388395\/revisions"}],"predecessor-version":[{"id":389116,"href":"https:\/\/elmasferrer.com\/ca\/wp-json\/wp\/v2\/pages\/388395\/revisions\/389116"}],"wp:attachment":[{"href":"https:\/\/elmasferrer.com\/ca\/wp-json\/wp\/v2\/media?parent=388395"}],"curies":[{"name":"wp","href":"https:\/\/api.w.org\/{rel}","templated":true}]}}