{"id":388499,"date":"2023-01-02T15:02:44","date_gmt":"2023-01-02T15:02:44","guid":{"rendered":"https:\/\/elmasferrer.com\/producto\/cava-brut-ecologico\/"},"modified":"2023-07-17T11:53:46","modified_gmt":"2023-07-17T11:53:46","slug":"cava-brut-ecologico","status":"publish","type":"product","link":"https:\/\/elmasferrer.com\/ca\/producto\/cava-brut-ecologico\/","title":{"rendered":"CAVA BRUT ECOL\u00d2GIC"},"content":{"rendered":"<p><b>Tipus d&#8217;elaboraci\u00f3:<\/b> Tradicional &#8216;Champenoise&#8217;. Remogut manual a pupitres<br \/>\n<b>Varietats:<\/b> Varietats t\u00edpiques del Pened\u00e8s; Macabeu, Xarel.lo i Parellada<br \/>\n<b>Color:<\/b> Groc amb reflexos verdosos. El seu aroma \u00e9s intens i afruitat. \u00c9s sec a la boca i es presenta amb tocs de fines herbes i c\u00edtrics en retronasal.<br \/>\n<b>Temps de Crian\u00e7a:<\/b> 14 mesos en ampolla, desgorjat recent, remogut i aclarit a m\u00e0 a pupitre.<br \/>\n<b>Sucre residual afegit:<\/b> 6 g\/l <b>PH:<\/b> 2,98 <b>Acidesa:<\/b> 5,7 g\/l<br \/>\n<b>Grau alcoh\u00f2lic:<\/b> 11,5%<br \/>\n<b>Temperatura de servei:<\/b> 4\u00ba \/ 8\u00ba C.<br \/>\n<b>Maridatge:<\/b> Com que \u00e9s un cava jove i afruitat, aquest Brut combina perfectament amb peix, marisc i pasta fresca. Especialment adequat per a l&#8217;aperitiu.<\/p>\n","protected":false},"excerpt":{"rendered":"<p>Tipus d&#8217;elaboraci\u00f3: Tradicional &#8216;Champenoise&#8217;. Remogut manual a pupitres Varietats: Varietats t\u00edpiques del Pened\u00e8s; Macabeu, Xarel.lo i Parellada Color: Groc amb reflexos verdosos. El seu aroma \u00e9s intens i afruitat. \u00c9s sec a la boca i es presenta amb tocs de fines herbes i c\u00edtrics en retronasal. Temps de Crian\u00e7a: 14 mesos en ampolla, desgorjat recent, [&hellip;]<\/p>\n","protected":false},"featured_media":388275,"comment_status":"open","ping_status":"closed","template":"","meta":{"_acf_changed":false,"_et_pb_use_builder":"","_et_pb_old_content":"<b>Tipus d'elaboraci\u00f3:<\/b> Tradicional 'Champenoise'. Remogut manual a pupitres\r\n<b>Variedades:<\/b> Varietats t\u00edpiques del Pened\u00e8s; Macabeu, Xarel.lo i Parellada\r\n<b>Color:<\/b> Groc amb reflexos verdosos. El seu aroma \u00e9s intens i afruitat. \u00c9s sec a la boca i es presenta amb tocs de fines herbes i c\u00edtrics en retronasal.\r\n<b>Tiempo de Crianza:<\/b> 14 mesos en ampolla, desgorjat recent, remogut i aclarit a m\u00e0 a pupitre.\r\n<b>Sucre residual afegit:<\/b> 6 g\/l <b>PH:<\/b> 2,98 <b>Acidesa:<\/b> 5,7 g\/l\r\n<b>Grado alcoh\u00f3lico:<\/b> 11,5%\r\n<b>Temperatura de servei:<\/b> 4\u00ba \/ 8\u00ba C.\r\n<b>Maridatge:<\/b> Al ser un cava joven y afrutado, este Brut combina perfectamente con pescado, marisco y pasta fresca. Especialment adequat per a l'aperitiu.","_et_gb_content_width":""},"product_brand":[],"product_cat":[73],"product_tag":[],"class_list":{"0":"post-388499","1":"product","2":"type-product","3":"status-publish","4":"has-post-thumbnail","6":"product_cat-cava-ca","8":"first","9":"instock","10":"shipping-taxable","11":"purchasable","12":"product-type-simple"},"acf":[],"yoast_head":"<!-- This site is optimized with the Yoast SEO plugin v27.5 - https:\/\/yoast.com\/product\/yoast-seo-wordpress\/ -->\n<title>CAVA BRUT ECOL\u00d2GIC - El Mas Ferrer<\/title>\n<meta name=\"robots\" content=\"index, follow, max-snippet:-1, max-image-preview:large, max-video-preview:-1\" \/>\n<link rel=\"canonical\" href=\"https:\/\/elmasferrer.com\/ca\/producto\/cava-brut-ecologico\/\" \/>\n<meta property=\"og:locale\" content=\"ca_ES\" \/>\n<meta property=\"og:type\" content=\"article\" \/>\n<meta property=\"og:title\" content=\"CAVA BRUT ECOL\u00d2GIC - El Mas Ferrer\" \/>\n<meta property=\"og:description\" content=\"Tipus d&#8217;elaboraci\u00f3: Tradicional &#8216;Champenoise&#8217;. Remogut manual a pupitres Varietats: Varietats t\u00edpiques del Pened\u00e8s; Macabeu, Xarel.lo i Parellada Color: Groc amb reflexos verdosos. El seu aroma \u00e9s intens i afruitat. \u00c9s sec a la boca i es presenta amb tocs de fines herbes i c\u00edtrics en retronasal. Temps de Crian\u00e7a: 14 mesos en ampolla, desgorjat recent, [&hellip;]\" \/>\n<meta property=\"og:url\" content=\"https:\/\/elmasferrer.com\/ca\/producto\/cava-brut-ecologico\/\" \/>\n<meta property=\"og:site_name\" content=\"El Mas Ferrer\" \/>\n<meta property=\"article:publisher\" content=\"https:\/\/www.facebook.com\/caveselmasferrer\/\" \/>\n<meta property=\"article:modified_time\" content=\"2023-07-17T11:53:46+00:00\" \/>\n<meta property=\"og:image\" content=\"https:\/\/elmasferrer.com\/wp-content\/uploads\/2023\/01\/CAVA-BRUT-ECOLOGICO.png\" \/>\n\t<meta property=\"og:image:width\" content=\"1046\" \/>\n\t<meta property=\"og:image:height\" content=\"2048\" \/>\n\t<meta property=\"og:image:type\" content=\"image\/png\" \/>\n<meta name=\"twitter:card\" content=\"summary_large_image\" \/>\n<meta name=\"twitter:site\" content=\"@MasCaves\" \/>\n<meta name=\"twitter:label1\" content=\"Temps estimat de lectura\" \/>\n\t<meta name=\"twitter:data1\" content=\"1 minut\" \/>\n<script type=\"application\/ld+json\" class=\"yoast-schema-graph\">{\"@context\":\"https:\\\/\\\/schema.org\",\"@graph\":[{\"@type\":\"WebPage\",\"@id\":\"https:\\\/\\\/elmasferrer.com\\\/ca\\\/producto\\\/cava-brut-ecologico\\\/\",\"url\":\"https:\\\/\\\/elmasferrer.com\\\/ca\\\/producto\\\/cava-brut-ecologico\\\/\",\"name\":\"CAVA BRUT ECOL\u00d2GIC - El Mas Ferrer\",\"isPartOf\":{\"@id\":\"https:\\\/\\\/elmasferrer.com\\\/#website\"},\"primaryImageOfPage\":{\"@id\":\"https:\\\/\\\/elmasferrer.com\\\/ca\\\/producto\\\/cava-brut-ecologico\\\/#primaryimage\"},\"image\":{\"@id\":\"https:\\\/\\\/elmasferrer.com\\\/ca\\\/producto\\\/cava-brut-ecologico\\\/#primaryimage\"},\"thumbnailUrl\":\"https:\\\/\\\/elmasferrer.com\\\/wp-content\\\/uploads\\\/2023\\\/01\\\/CAVA-BRUT-ECOLOGICO.png\",\"datePublished\":\"2023-01-02T15:02:44+00:00\",\"dateModified\":\"2023-07-17T11:53:46+00:00\",\"breadcrumb\":{\"@id\":\"https:\\\/\\\/elmasferrer.com\\\/ca\\\/producto\\\/cava-brut-ecologico\\\/#breadcrumb\"},\"inLanguage\":\"ca\",\"potentialAction\":[{\"@type\":\"ReadAction\",\"target\":[\"https:\\\/\\\/elmasferrer.com\\\/ca\\\/producto\\\/cava-brut-ecologico\\\/\"]}]},{\"@type\":\"ImageObject\",\"inLanguage\":\"ca\",\"@id\":\"https:\\\/\\\/elmasferrer.com\\\/ca\\\/producto\\\/cava-brut-ecologico\\\/#primaryimage\",\"url\":\"https:\\\/\\\/elmasferrer.com\\\/wp-content\\\/uploads\\\/2023\\\/01\\\/CAVA-BRUT-ECOLOGICO.png\",\"contentUrl\":\"https:\\\/\\\/elmasferrer.com\\\/wp-content\\\/uploads\\\/2023\\\/01\\\/CAVA-BRUT-ECOLOGICO.png\",\"width\":1046,\"height\":2048},{\"@type\":\"BreadcrumbList\",\"@id\":\"https:\\\/\\\/elmasferrer.com\\\/ca\\\/producto\\\/cava-brut-ecologico\\\/#breadcrumb\",\"itemListElement\":[{\"@type\":\"ListItem\",\"position\":1,\"name\":\"Portada\",\"item\":\"https:\\\/\\\/elmasferrer.com\\\/\"},{\"@type\":\"ListItem\",\"position\":2,\"name\":\"Tienda\",\"item\":\"https:\\\/\\\/elmasferrer.com\\\/tienda\\\/\"},{\"@type\":\"ListItem\",\"position\":3,\"name\":\"CAVA BRUT ECOL\u00d2GIC\"}]},{\"@type\":\"WebSite\",\"@id\":\"https:\\\/\\\/elmasferrer.com\\\/#website\",\"url\":\"https:\\\/\\\/elmasferrer.com\\\/\",\"name\":\"El Mas Ferrer\",\"description\":\"Cava i vi de la bodega a casa\",\"publisher\":{\"@id\":\"https:\\\/\\\/elmasferrer.com\\\/#organization\"},\"potentialAction\":[{\"@type\":\"SearchAction\",\"target\":{\"@type\":\"EntryPoint\",\"urlTemplate\":\"https:\\\/\\\/elmasferrer.com\\\/?s={search_term_string}\"},\"query-input\":{\"@type\":\"PropertyValueSpecification\",\"valueRequired\":true,\"valueName\":\"search_term_string\"}}],\"inLanguage\":\"ca\"},{\"@type\":\"Organization\",\"@id\":\"https:\\\/\\\/elmasferrer.com\\\/#organization\",\"name\":\"El Mas Ferrer\",\"url\":\"https:\\\/\\\/elmasferrer.com\\\/\",\"logo\":{\"@type\":\"ImageObject\",\"inLanguage\":\"ca\",\"@id\":\"https:\\\/\\\/elmasferrer.com\\\/#\\\/schema\\\/logo\\\/image\\\/\",\"url\":\"https:\\\/\\\/elmasferrer.com\\\/wp-content\\\/uploads\\\/2022\\\/01\\\/logomail.png\",\"contentUrl\":\"https:\\\/\\\/elmasferrer.com\\\/wp-content\\\/uploads\\\/2022\\\/01\\\/logomail.png\",\"width\":600,\"height\":284,\"caption\":\"El Mas Ferrer\"},\"image\":{\"@id\":\"https:\\\/\\\/elmasferrer.com\\\/#\\\/schema\\\/logo\\\/image\\\/\"},\"sameAs\":[\"https:\\\/\\\/www.facebook.com\\\/caveselmasferrer\\\/\",\"https:\\\/\\\/x.com\\\/MasCaves\",\"https:\\\/\\\/www.instagram.com\\\/elmasferrer\\\/\"]}]}<\/script>\n<!-- \/ Yoast SEO plugin. -->","yoast_head_json":{"title":"CAVA BRUT ECOL\u00d2GIC - El Mas Ferrer","robots":{"index":"index","follow":"follow","max-snippet":"max-snippet:-1","max-image-preview":"max-image-preview:large","max-video-preview":"max-video-preview:-1"},"canonical":"https:\/\/elmasferrer.com\/ca\/producto\/cava-brut-ecologico\/","og_locale":"ca_ES","og_type":"article","og_title":"CAVA BRUT ECOL\u00d2GIC - El Mas Ferrer","og_description":"Tipus d&#8217;elaboraci\u00f3: Tradicional &#8216;Champenoise&#8217;. Remogut manual a pupitres Varietats: Varietats t\u00edpiques del Pened\u00e8s; Macabeu, Xarel.lo i Parellada Color: Groc amb reflexos verdosos. El seu aroma \u00e9s intens i afruitat. \u00c9s sec a la boca i es presenta amb tocs de fines herbes i c\u00edtrics en retronasal. Temps de Crian\u00e7a: 14 mesos en ampolla, desgorjat recent, [&hellip;]","og_url":"https:\/\/elmasferrer.com\/ca\/producto\/cava-brut-ecologico\/","og_site_name":"El Mas Ferrer","article_publisher":"https:\/\/www.facebook.com\/caveselmasferrer\/","article_modified_time":"2023-07-17T11:53:46+00:00","og_image":[{"width":1046,"height":2048,"url":"https:\/\/elmasferrer.com\/wp-content\/uploads\/2023\/01\/CAVA-BRUT-ECOLOGICO.png","type":"image\/png"}],"twitter_card":"summary_large_image","twitter_site":"@MasCaves","twitter_misc":{"Temps estimat de lectura":"1 minut"},"schema":{"@context":"https:\/\/schema.org","@graph":[{"@type":"WebPage","@id":"https:\/\/elmasferrer.com\/ca\/producto\/cava-brut-ecologico\/","url":"https:\/\/elmasferrer.com\/ca\/producto\/cava-brut-ecologico\/","name":"CAVA BRUT ECOL\u00d2GIC - El Mas Ferrer","isPartOf":{"@id":"https:\/\/elmasferrer.com\/#website"},"primaryImageOfPage":{"@id":"https:\/\/elmasferrer.com\/ca\/producto\/cava-brut-ecologico\/#primaryimage"},"image":{"@id":"https:\/\/elmasferrer.com\/ca\/producto\/cava-brut-ecologico\/#primaryimage"},"thumbnailUrl":"https:\/\/elmasferrer.com\/wp-content\/uploads\/2023\/01\/CAVA-BRUT-ECOLOGICO.png","datePublished":"2023-01-02T15:02:44+00:00","dateModified":"2023-07-17T11:53:46+00:00","breadcrumb":{"@id":"https:\/\/elmasferrer.com\/ca\/producto\/cava-brut-ecologico\/#breadcrumb"},"inLanguage":"ca","potentialAction":[{"@type":"ReadAction","target":["https:\/\/elmasferrer.com\/ca\/producto\/cava-brut-ecologico\/"]}]},{"@type":"ImageObject","inLanguage":"ca","@id":"https:\/\/elmasferrer.com\/ca\/producto\/cava-brut-ecologico\/#primaryimage","url":"https:\/\/elmasferrer.com\/wp-content\/uploads\/2023\/01\/CAVA-BRUT-ECOLOGICO.png","contentUrl":"https:\/\/elmasferrer.com\/wp-content\/uploads\/2023\/01\/CAVA-BRUT-ECOLOGICO.png","width":1046,"height":2048},{"@type":"BreadcrumbList","@id":"https:\/\/elmasferrer.com\/ca\/producto\/cava-brut-ecologico\/#breadcrumb","itemListElement":[{"@type":"ListItem","position":1,"name":"Portada","item":"https:\/\/elmasferrer.com\/"},{"@type":"ListItem","position":2,"name":"Tienda","item":"https:\/\/elmasferrer.com\/tienda\/"},{"@type":"ListItem","position":3,"name":"CAVA BRUT ECOL\u00d2GIC"}]},{"@type":"WebSite","@id":"https:\/\/elmasferrer.com\/#website","url":"https:\/\/elmasferrer.com\/","name":"El Mas Ferrer","description":"Cava i vi de la bodega a casa","publisher":{"@id":"https:\/\/elmasferrer.com\/#organization"},"potentialAction":[{"@type":"SearchAction","target":{"@type":"EntryPoint","urlTemplate":"https:\/\/elmasferrer.com\/?s={search_term_string}"},"query-input":{"@type":"PropertyValueSpecification","valueRequired":true,"valueName":"search_term_string"}}],"inLanguage":"ca"},{"@type":"Organization","@id":"https:\/\/elmasferrer.com\/#organization","name":"El Mas Ferrer","url":"https:\/\/elmasferrer.com\/","logo":{"@type":"ImageObject","inLanguage":"ca","@id":"https:\/\/elmasferrer.com\/#\/schema\/logo\/image\/","url":"https:\/\/elmasferrer.com\/wp-content\/uploads\/2022\/01\/logomail.png","contentUrl":"https:\/\/elmasferrer.com\/wp-content\/uploads\/2022\/01\/logomail.png","width":600,"height":284,"caption":"El Mas Ferrer"},"image":{"@id":"https:\/\/elmasferrer.com\/#\/schema\/logo\/image\/"},"sameAs":["https:\/\/www.facebook.com\/caveselmasferrer\/","https:\/\/x.com\/MasCaves","https:\/\/www.instagram.com\/elmasferrer\/"]}]}},"_links":{"self":[{"href":"https:\/\/elmasferrer.com\/ca\/wp-json\/wp\/v2\/product\/388499","targetHints":{"allow":["GET"]}}],"collection":[{"href":"https:\/\/elmasferrer.com\/ca\/wp-json\/wp\/v2\/product"}],"about":[{"href":"https:\/\/elmasferrer.com\/ca\/wp-json\/wp\/v2\/types\/product"}],"replies":[{"embeddable":true,"href":"https:\/\/elmasferrer.com\/ca\/wp-json\/wp\/v2\/comments?post=388499"}],"wp:featuredmedia":[{"embeddable":true,"href":"https:\/\/elmasferrer.com\/ca\/wp-json\/wp\/v2\/media\/388275"}],"wp:attachment":[{"href":"https:\/\/elmasferrer.com\/ca\/wp-json\/wp\/v2\/media?parent=388499"}],"wp:term":[{"taxonomy":"product_brand","embeddable":true,"href":"https:\/\/elmasferrer.com\/ca\/wp-json\/wp\/v2\/product_brand?post=388499"},{"taxonomy":"product_cat","embeddable":true,"href":"https:\/\/elmasferrer.com\/ca\/wp-json\/wp\/v2\/product_cat?post=388499"},{"taxonomy":"product_tag","embeddable":true,"href":"https:\/\/elmasferrer.com\/ca\/wp-json\/wp\/v2\/product_tag?post=388499"}],"curies":[{"name":"wp","href":"https:\/\/api.w.org\/{rel}","templated":true}]}}