{"id":388507,"date":"2023-01-02T15:57:30","date_gmt":"2023-01-02T15:57:30","guid":{"rendered":"https:\/\/elmasferrer.com\/producto\/gran-reserva-siglo-xxi\/"},"modified":"2024-07-12T10:57:35","modified_gmt":"2024-07-12T10:57:35","slug":"gran-reserva-siglo-xxi","status":"publish","type":"product","link":"https:\/\/elmasferrer.com\/ca\/producto\/gran-reserva-siglo-xxi\/","title":{"rendered":"GRAN RESERVA SEGLE XXI"},"content":{"rendered":"<p>[et_pb_section fb_built=&#8221;1&#8243; _builder_version=&#8221;4.16&#8243; custom_padding=&#8221;0px||||false|false&#8221; global_colors_info=&#8221;{}&#8221;][et_pb_row _builder_version=&#8221;4.16&#8243; background_size=&#8221;initial&#8221; background_position=&#8221;top_left&#8221; background_repeat=&#8221;repeat&#8221; width=&#8221;100%&#8221; custom_padding=&#8221;0px||0px||false|false&#8221; global_colors_info=&#8221;{}&#8221;][et_pb_column type=&#8221;4_4&#8243; _builder_version=&#8221;4.16&#8243; custom_padding=&#8221;|||&#8221; global_colors_info=&#8221;{}&#8221; custom_padding__hover=&#8221;|||&#8221;][et_pb_wc_breadcrumb _builder_version=&#8221;4.16&#8243; global_colors_info=&#8221;{}&#8221;][\/et_pb_wc_breadcrumb][et_pb_wc_cart_notice _builder_version=&#8221;4.16&#8243; global_colors_info=&#8221;{}&#8221;][\/et_pb_wc_cart_notice][\/et_pb_column][\/et_pb_row][et_pb_row _builder_version=&#8221;4.16&#8243; background_size=&#8221;initial&#8221; background_position=&#8221;top_left&#8221; background_repeat=&#8221;repeat&#8221; width=&#8221;100%&#8221; custom_padding=&#8221;0px||||false|false&#8221; global_colors_info=&#8221;{}&#8221; column_structure=&#8221;1_2,1_2&#8243;][et_pb_column type=&#8221;1_2&#8243; _builder_version=&#8221;4.16&#8243; custom_padding=&#8221;|||&#8221; global_colors_info=&#8221;{}&#8221; custom_padding__hover=&#8221;|||&#8221;][et_pb_wc_images _builder_version=&#8221;4.16&#8243; global_colors_info=&#8221;{}&#8221;][\/et_pb_wc_images][\/et_pb_column][et_pb_column type=&#8221;1_2&#8243; _builder_version=&#8221;4.16&#8243; custom_padding=&#8221;|||&#8221; global_colors_info=&#8221;{}&#8221; custom_padding__hover=&#8221;|||&#8221;][et_pb_wc_title _builder_version=&#8221;4.16&#8243; global_colors_info=&#8221;{}&#8221;][\/et_pb_wc_title][et_pb_wc_rating _builder_version=&#8221;4.16&#8243; global_colors_info=&#8221;{}&#8221;][\/et_pb_wc_rating][et_pb_wc_price _builder_version=&#8221;4.16&#8243; global_colors_info=&#8221;{}&#8221;][\/et_pb_wc_price][et_pb_wc_description _builder_version=&#8221;4.16&#8243; global_colors_info=&#8221;{}&#8221;][\/et_pb_wc_description][et_pb_wc_add_to_cart _builder_version=&#8221;4.16&#8243; global_colors_info=&#8221;{}&#8221;][\/et_pb_wc_add_to_cart][et_pb_wc_meta _builder_version=&#8221;4.16&#8243; global_colors_info=&#8221;{}&#8221;][\/et_pb_wc_meta][\/et_pb_column][\/et_pb_row][et_pb_row _builder_version=&#8221;4.16&#8243; background_size=&#8221;initial&#8221; background_position=&#8221;top_left&#8221; background_repeat=&#8221;repeat&#8221; width=&#8221;100%&#8221; global_colors_info=&#8221;{}&#8221;][et_pb_column type=&#8221;4_4&#8243; _builder_version=&#8221;4.16&#8243; custom_padding=&#8221;|||&#8221; global_colors_info=&#8221;{}&#8221; custom_padding__hover=&#8221;|||&#8221;][et_pb_wc_tabs _builder_version=&#8221;4.16&#8243; global_colors_info=&#8221;{}&#8221;]\t\t\t\t\t[\/et_pb_wc_tabs][et_pb_wc_upsells _builder_version=&#8221;4.16&#8243; global_colors_info=&#8221;{}&#8221;][\/et_pb_wc_upsells][et_pb_wc_related_products _builder_version=&#8221;4.16&#8243; global_colors_info=&#8221;{}&#8221;][\/et_pb_wc_related_products][\/et_pb_column][\/et_pb_row][\/et_pb_section]<\/p>\n","protected":false},"excerpt":{"rendered":"","protected":false},"featured_media":388365,"comment_status":"open","ping_status":"closed","template":"","meta":{"_acf_changed":false,"_et_pb_use_builder":"on","_et_pb_old_content":"Aquest producte \u00e9s un cava elaborat mitjan\u00e7ant el m\u00e8tode tradicional \"Champenoise\" i remogut manualment a pupitres. Utilitza varietats t\u00edpiques del Pened\u00e8s com Macabeu, Xarel.lo i Parellada. T\u00e9 un color groc p\u00e0l\u00b7lid amb lleugers tons verdosos, net i brillant amb lleugeres aromes fruiteres i de crian\u00e7a. La bombolla \u00e9s fina i perllongada, fruit de llarga crian\u00e7a. Ha estat criat durant 30 mesos en ampolla i t\u00e9 un sucre residual de 2g\/l, un pH de 3.01 i una acidesa de 5.7g\/l. T\u00e9 un grau alcoh\u00f2lic de 11.5% i es recomana servir-lo a 4-6\u00baC. \u00c9s idoni per acompanyar plats gastron\u00f2mics, foie gras, ca\u00e7a i carns amb salsa. Tamb\u00e9 \u00e9s excel\u00b7lent per degustar amb fumats. Ha guanyat diversos premis incloent Catavinum 2015 (Plata), Catavinum 2014 (Or) i INTERNATIONAL WINE GUIDE 2013 (Or).\r\n\r\n&nbsp;","_et_gb_content_width":""},"product_brand":[],"product_cat":[73],"product_tag":[],"class_list":{"0":"post-388507","1":"product","2":"type-product","3":"status-publish","4":"has-post-thumbnail","6":"product_cat-cava-ca","8":"first","9":"instock","10":"shipping-taxable","11":"purchasable","12":"product-type-simple"},"acf":[],"yoast_head":"<!-- This site is optimized with the Yoast SEO plugin v27.5 - https:\/\/yoast.com\/product\/yoast-seo-wordpress\/ -->\n<title>GRAN RESERVA SEGLE XXI - El Mas Ferrer<\/title>\n<meta name=\"robots\" content=\"index, follow, max-snippet:-1, max-image-preview:large, max-video-preview:-1\" \/>\n<link rel=\"canonical\" href=\"https:\/\/elmasferrer.com\/ca\/producto\/gran-reserva-siglo-xxi\/\" \/>\n<meta property=\"og:locale\" content=\"ca_ES\" \/>\n<meta property=\"og:type\" content=\"article\" \/>\n<meta property=\"og:title\" content=\"GRAN RESERVA SEGLE XXI - El Mas Ferrer\" \/>\n<meta property=\"og:url\" content=\"https:\/\/elmasferrer.com\/ca\/producto\/gran-reserva-siglo-xxi\/\" \/>\n<meta property=\"og:site_name\" content=\"El Mas Ferrer\" \/>\n<meta property=\"article:publisher\" content=\"https:\/\/www.facebook.com\/caveselmasferrer\/\" \/>\n<meta property=\"article:modified_time\" content=\"2024-07-12T10:57:35+00:00\" \/>\n<meta property=\"og:image\" content=\"https:\/\/elmasferrer.com\/wp-content\/uploads\/2023\/01\/SEGLE-XXI_2022-scaled.jpg\" \/>\n\t<meta property=\"og:image:width\" content=\"1308\" \/>\n\t<meta property=\"og:image:height\" content=\"2560\" \/>\n\t<meta property=\"og:image:type\" content=\"image\/jpeg\" \/>\n<meta name=\"twitter:card\" content=\"summary_large_image\" \/>\n<meta name=\"twitter:site\" content=\"@MasCaves\" \/>\n<meta name=\"twitter:label1\" content=\"Temps estimat de lectura\" \/>\n\t<meta name=\"twitter:data1\" content=\"1 minut\" \/>\n<script type=\"application\/ld+json\" class=\"yoast-schema-graph\">{\"@context\":\"https:\\\/\\\/schema.org\",\"@graph\":[{\"@type\":\"WebPage\",\"@id\":\"https:\\\/\\\/elmasferrer.com\\\/ca\\\/producto\\\/gran-reserva-siglo-xxi\\\/\",\"url\":\"https:\\\/\\\/elmasferrer.com\\\/ca\\\/producto\\\/gran-reserva-siglo-xxi\\\/\",\"name\":\"GRAN RESERVA SEGLE XXI - El Mas Ferrer\",\"isPartOf\":{\"@id\":\"https:\\\/\\\/elmasferrer.com\\\/#website\"},\"primaryImageOfPage\":{\"@id\":\"https:\\\/\\\/elmasferrer.com\\\/ca\\\/producto\\\/gran-reserva-siglo-xxi\\\/#primaryimage\"},\"image\":{\"@id\":\"https:\\\/\\\/elmasferrer.com\\\/ca\\\/producto\\\/gran-reserva-siglo-xxi\\\/#primaryimage\"},\"thumbnailUrl\":\"https:\\\/\\\/elmasferrer.com\\\/wp-content\\\/uploads\\\/2023\\\/01\\\/SEGLE-XXI_2022-scaled.jpg\",\"datePublished\":\"2023-01-02T15:57:30+00:00\",\"dateModified\":\"2024-07-12T10:57:35+00:00\",\"breadcrumb\":{\"@id\":\"https:\\\/\\\/elmasferrer.com\\\/ca\\\/producto\\\/gran-reserva-siglo-xxi\\\/#breadcrumb\"},\"inLanguage\":\"ca\",\"potentialAction\":[{\"@type\":\"ReadAction\",\"target\":[\"https:\\\/\\\/elmasferrer.com\\\/ca\\\/producto\\\/gran-reserva-siglo-xxi\\\/\"]}]},{\"@type\":\"ImageObject\",\"inLanguage\":\"ca\",\"@id\":\"https:\\\/\\\/elmasferrer.com\\\/ca\\\/producto\\\/gran-reserva-siglo-xxi\\\/#primaryimage\",\"url\":\"https:\\\/\\\/elmasferrer.com\\\/wp-content\\\/uploads\\\/2023\\\/01\\\/SEGLE-XXI_2022-scaled.jpg\",\"contentUrl\":\"https:\\\/\\\/elmasferrer.com\\\/wp-content\\\/uploads\\\/2023\\\/01\\\/SEGLE-XXI_2022-scaled.jpg\",\"width\":1308,\"height\":2560},{\"@type\":\"BreadcrumbList\",\"@id\":\"https:\\\/\\\/elmasferrer.com\\\/ca\\\/producto\\\/gran-reserva-siglo-xxi\\\/#breadcrumb\",\"itemListElement\":[{\"@type\":\"ListItem\",\"position\":1,\"name\":\"Portada\",\"item\":\"https:\\\/\\\/elmasferrer.com\\\/\"},{\"@type\":\"ListItem\",\"position\":2,\"name\":\"Tienda\",\"item\":\"https:\\\/\\\/elmasferrer.com\\\/tienda\\\/\"},{\"@type\":\"ListItem\",\"position\":3,\"name\":\"GRAN RESERVA SEGLE XXI\"}]},{\"@type\":\"WebSite\",\"@id\":\"https:\\\/\\\/elmasferrer.com\\\/#website\",\"url\":\"https:\\\/\\\/elmasferrer.com\\\/\",\"name\":\"El Mas Ferrer\",\"description\":\"Cava i vi de la bodega a casa\",\"publisher\":{\"@id\":\"https:\\\/\\\/elmasferrer.com\\\/#organization\"},\"potentialAction\":[{\"@type\":\"SearchAction\",\"target\":{\"@type\":\"EntryPoint\",\"urlTemplate\":\"https:\\\/\\\/elmasferrer.com\\\/?s={search_term_string}\"},\"query-input\":{\"@type\":\"PropertyValueSpecification\",\"valueRequired\":true,\"valueName\":\"search_term_string\"}}],\"inLanguage\":\"ca\"},{\"@type\":\"Organization\",\"@id\":\"https:\\\/\\\/elmasferrer.com\\\/#organization\",\"name\":\"El Mas Ferrer\",\"url\":\"https:\\\/\\\/elmasferrer.com\\\/\",\"logo\":{\"@type\":\"ImageObject\",\"inLanguage\":\"ca\",\"@id\":\"https:\\\/\\\/elmasferrer.com\\\/#\\\/schema\\\/logo\\\/image\\\/\",\"url\":\"https:\\\/\\\/elmasferrer.com\\\/wp-content\\\/uploads\\\/2022\\\/01\\\/logomail.png\",\"contentUrl\":\"https:\\\/\\\/elmasferrer.com\\\/wp-content\\\/uploads\\\/2022\\\/01\\\/logomail.png\",\"width\":600,\"height\":284,\"caption\":\"El Mas Ferrer\"},\"image\":{\"@id\":\"https:\\\/\\\/elmasferrer.com\\\/#\\\/schema\\\/logo\\\/image\\\/\"},\"sameAs\":[\"https:\\\/\\\/www.facebook.com\\\/caveselmasferrer\\\/\",\"https:\\\/\\\/x.com\\\/MasCaves\",\"https:\\\/\\\/www.instagram.com\\\/elmasferrer\\\/\"]}]}<\/script>\n<!-- \/ Yoast SEO plugin. -->","yoast_head_json":{"title":"GRAN RESERVA SEGLE XXI - El Mas Ferrer","robots":{"index":"index","follow":"follow","max-snippet":"max-snippet:-1","max-image-preview":"max-image-preview:large","max-video-preview":"max-video-preview:-1"},"canonical":"https:\/\/elmasferrer.com\/ca\/producto\/gran-reserva-siglo-xxi\/","og_locale":"ca_ES","og_type":"article","og_title":"GRAN RESERVA SEGLE XXI - El Mas Ferrer","og_url":"https:\/\/elmasferrer.com\/ca\/producto\/gran-reserva-siglo-xxi\/","og_site_name":"El Mas Ferrer","article_publisher":"https:\/\/www.facebook.com\/caveselmasferrer\/","article_modified_time":"2024-07-12T10:57:35+00:00","og_image":[{"width":1308,"height":2560,"url":"https:\/\/elmasferrer.com\/wp-content\/uploads\/2023\/01\/SEGLE-XXI_2022-scaled.jpg","type":"image\/jpeg"}],"twitter_card":"summary_large_image","twitter_site":"@MasCaves","twitter_misc":{"Temps estimat de lectura":"1 minut"},"schema":{"@context":"https:\/\/schema.org","@graph":[{"@type":"WebPage","@id":"https:\/\/elmasferrer.com\/ca\/producto\/gran-reserva-siglo-xxi\/","url":"https:\/\/elmasferrer.com\/ca\/producto\/gran-reserva-siglo-xxi\/","name":"GRAN RESERVA SEGLE XXI - El Mas Ferrer","isPartOf":{"@id":"https:\/\/elmasferrer.com\/#website"},"primaryImageOfPage":{"@id":"https:\/\/elmasferrer.com\/ca\/producto\/gran-reserva-siglo-xxi\/#primaryimage"},"image":{"@id":"https:\/\/elmasferrer.com\/ca\/producto\/gran-reserva-siglo-xxi\/#primaryimage"},"thumbnailUrl":"https:\/\/elmasferrer.com\/wp-content\/uploads\/2023\/01\/SEGLE-XXI_2022-scaled.jpg","datePublished":"2023-01-02T15:57:30+00:00","dateModified":"2024-07-12T10:57:35+00:00","breadcrumb":{"@id":"https:\/\/elmasferrer.com\/ca\/producto\/gran-reserva-siglo-xxi\/#breadcrumb"},"inLanguage":"ca","potentialAction":[{"@type":"ReadAction","target":["https:\/\/elmasferrer.com\/ca\/producto\/gran-reserva-siglo-xxi\/"]}]},{"@type":"ImageObject","inLanguage":"ca","@id":"https:\/\/elmasferrer.com\/ca\/producto\/gran-reserva-siglo-xxi\/#primaryimage","url":"https:\/\/elmasferrer.com\/wp-content\/uploads\/2023\/01\/SEGLE-XXI_2022-scaled.jpg","contentUrl":"https:\/\/elmasferrer.com\/wp-content\/uploads\/2023\/01\/SEGLE-XXI_2022-scaled.jpg","width":1308,"height":2560},{"@type":"BreadcrumbList","@id":"https:\/\/elmasferrer.com\/ca\/producto\/gran-reserva-siglo-xxi\/#breadcrumb","itemListElement":[{"@type":"ListItem","position":1,"name":"Portada","item":"https:\/\/elmasferrer.com\/"},{"@type":"ListItem","position":2,"name":"Tienda","item":"https:\/\/elmasferrer.com\/tienda\/"},{"@type":"ListItem","position":3,"name":"GRAN RESERVA SEGLE XXI"}]},{"@type":"WebSite","@id":"https:\/\/elmasferrer.com\/#website","url":"https:\/\/elmasferrer.com\/","name":"El Mas Ferrer","description":"Cava i vi de la bodega a casa","publisher":{"@id":"https:\/\/elmasferrer.com\/#organization"},"potentialAction":[{"@type":"SearchAction","target":{"@type":"EntryPoint","urlTemplate":"https:\/\/elmasferrer.com\/?s={search_term_string}"},"query-input":{"@type":"PropertyValueSpecification","valueRequired":true,"valueName":"search_term_string"}}],"inLanguage":"ca"},{"@type":"Organization","@id":"https:\/\/elmasferrer.com\/#organization","name":"El Mas Ferrer","url":"https:\/\/elmasferrer.com\/","logo":{"@type":"ImageObject","inLanguage":"ca","@id":"https:\/\/elmasferrer.com\/#\/schema\/logo\/image\/","url":"https:\/\/elmasferrer.com\/wp-content\/uploads\/2022\/01\/logomail.png","contentUrl":"https:\/\/elmasferrer.com\/wp-content\/uploads\/2022\/01\/logomail.png","width":600,"height":284,"caption":"El Mas Ferrer"},"image":{"@id":"https:\/\/elmasferrer.com\/#\/schema\/logo\/image\/"},"sameAs":["https:\/\/www.facebook.com\/caveselmasferrer\/","https:\/\/x.com\/MasCaves","https:\/\/www.instagram.com\/elmasferrer\/"]}]}},"_links":{"self":[{"href":"https:\/\/elmasferrer.com\/ca\/wp-json\/wp\/v2\/product\/388507","targetHints":{"allow":["GET"]}}],"collection":[{"href":"https:\/\/elmasferrer.com\/ca\/wp-json\/wp\/v2\/product"}],"about":[{"href":"https:\/\/elmasferrer.com\/ca\/wp-json\/wp\/v2\/types\/product"}],"replies":[{"embeddable":true,"href":"https:\/\/elmasferrer.com\/ca\/wp-json\/wp\/v2\/comments?post=388507"}],"wp:featuredmedia":[{"embeddable":true,"href":"https:\/\/elmasferrer.com\/ca\/wp-json\/wp\/v2\/media\/388365"}],"wp:attachment":[{"href":"https:\/\/elmasferrer.com\/ca\/wp-json\/wp\/v2\/media?parent=388507"}],"wp:term":[{"taxonomy":"product_brand","embeddable":true,"href":"https:\/\/elmasferrer.com\/ca\/wp-json\/wp\/v2\/product_brand?post=388507"},{"taxonomy":"product_cat","embeddable":true,"href":"https:\/\/elmasferrer.com\/ca\/wp-json\/wp\/v2\/product_cat?post=388507"},{"taxonomy":"product_tag","embeddable":true,"href":"https:\/\/elmasferrer.com\/ca\/wp-json\/wp\/v2\/product_tag?post=388507"}],"curies":[{"name":"wp","href":"https:\/\/api.w.org\/{rel}","templated":true}]}}